{"id":783,"date":"2024-04-30T09:03:10","date_gmt":"2024-04-30T07:03:10","guid":{"rendered":"https:\/\/www.nerofermento.it\/?page_id=783"},"modified":"2024-12-17T17:34:54","modified_gmt":"2024-12-17T16:34:54","slug":"laglio-nero","status":"publish","type":"page","link":"https:\/\/www.nerofermento.it\/fr\/laglio-noir\/","title":{"rendered":"Ail noir"},"content":{"rendered":"<div data-elementor-type=\"wp-page\" data-elementor-id=\"783\" class=\"elementor elementor-783\" data-elementor-post-type=\"page\">\n\t\t\t\t<div class=\"elementor-element elementor-element-cb08baf e-flex e-con-boxed e-con e-parent\" data-id=\"cb08baf\" data-element_type=\"container\" data-settings=\"{&quot;background_background&quot;:&quot;classic&quot;}\">\n\t\t\t\t\t<div class=\"e-con-inner\">\n\t\t\t\t<div class=\"elementor-element elementor-element-3e52f02 elementor-widget elementor-widget-heading\" data-id=\"3e52f02\" data-element_type=\"widget\" data-widget_type=\"heading.default\">\n\t\t\t\t<div class=\"elementor-widget-container\">\n\t\t\t<h1 class=\"elementor-heading-title elementor-size-default\">AIL NOIR:\n<br>\nLE BON QUI FAIT DU BIEN<\/h1>\t\t<\/div>\n\t\t\t\t<\/div>\n\t\t\t\t<div class=\"elementor-element elementor-element-a83e31b elementor-widget__width-initial elementor-widget elementor-widget-text-editor\" data-id=\"a83e31b\" data-element_type=\"widget\" data-widget_type=\"text-editor.default\">\n\t\t\t\t<div class=\"elementor-widget-container\">\n\t\t\t\t\t\t\t<p style=\"text-align: center;\" class=\" translation-block\">L'Ail Noir, \u00e9galement connu sous le nom de <strong>black garlic<\/strong> ou <strong>ail ferment\u00e9<\/strong>, est un condiment unique obtenu \u00e0 partir de bulbes d'ail blanc commun soumis \u00e0 un processus de fermentation et de <strong>maturation<\/strong> naturelle et contr\u00f4l\u00e9e.<\/p>\t\t\t\t\t\t<\/div>\n\t\t\t\t<\/div>\n\t\t\t\t\t<\/div>\n\t\t\t\t<\/div>\n\t\t<div class=\"elementor-element elementor-element-bb095d7 e-flex e-con-boxed e-con e-parent\" data-id=\"bb095d7\" data-element_type=\"container\" data-settings=\"{&quot;background_background&quot;:&quot;classic&quot;}\">\n\t\t\t\t\t<div class=\"e-con-inner\">\n\t\t<div class=\"elementor-element elementor-element-b32beea e-flex e-con-boxed e-con e-child\" data-id=\"b32beea\" data-element_type=\"container\">\n\t\t\t\t\t<div class=\"e-con-inner\">\n\t\t\t\t<div class=\"elementor-element elementor-element-a9370a7 elementor-widget__width-initial elementor-widget elementor-widget-text-editor\" data-id=\"a9370a7\" data-element_type=\"widget\" data-widget_type=\"text-editor.default\">\n\t\t\t\t<div class=\"elementor-widget-container\">\n\t\t\t\t\t\t\t<h3><strong>QU'EST-CE QUE L'AIL NOIR ?<\/strong><\/h3><p style=\"text-align: left;\">Les bulbes sont laiss\u00e9s \u00e0 fermenter et \u00e0 m\u00fbrir dans un environnement chaud et humide pendant environ 60 jours, \u00e0 une temp\u00e9rature variable entre 60\u00b0 et 80\u00b0C et avec une humidit\u00e9 \u00e9lev\u00e9e.<\/p>\t\t\t\t\t\t<\/div>\n\t\t\t\t<\/div>\n\t\t\t\t<div class=\"elementor-element elementor-element-ecef435 elementor-widget__width-initial elementor-widget elementor-widget-text-editor\" data-id=\"ecef435\" data-element_type=\"widget\" data-widget_type=\"text-editor.default\">\n\t\t\t\t<div class=\"elementor-widget-container\">\n\t\t\t\t\t\t\t<h5><strong>COULEUR<\/strong><\/h5><p class=\" translation-block\">Il prend une couleur <strong>noire<\/strong> intense, presque caram\u00e9lis\u00e9e.<\/p>\t\t\t\t\t\t<\/div>\n\t\t\t\t<\/div>\n\t\t\t\t<div class=\"elementor-element elementor-element-4bcab32 elementor-widget__width-initial elementor-widget elementor-widget-text-editor\" data-id=\"4bcab32\" data-element_type=\"widget\" data-widget_type=\"text-editor.default\">\n\t\t\t\t<div class=\"elementor-widget-container\">\n\t\t\t\t\t\t\t<h5><strong>CONSISTANCE<\/strong><\/h5><p class=\" translation-block\">Il devient mou, rappelant une confiserie <strong>gelee<\/strong>.<\/p>\t\t\t\t\t\t<\/div>\n\t\t\t\t<\/div>\n\t\t\t\t<div class=\"elementor-element elementor-element-e913e4e elementor-widget__width-initial elementor-widget elementor-widget-text-editor\" data-id=\"e913e4e\" data-element_type=\"widget\" data-widget_type=\"text-editor.default\">\n\t\t\t\t<div class=\"elementor-widget-container\">\n\t\t\t\t\t\t\t<h5><strong>SAVEUR<\/strong><\/h5><p class=\" translation-block\">Il perd le go\u00fbt piquant typique de l'ail frais, devenant plus <strong>doux<\/strong>, <strong>umami<\/strong>, avec des <strong>notes balsamiques<\/strong> et de <strong>r\u00e9glisse<\/strong>.<\/p>\t\t\t\t\t\t<\/div>\n\t\t\t\t<\/div>\n\t\t\t\t<div class=\"elementor-element elementor-element-cfc7d85 elementor-widget__width-initial elementor-widget elementor-widget-text-editor\" data-id=\"cfc7d85\" data-element_type=\"widget\" data-widget_type=\"text-editor.default\">\n\t\t\t\t<div class=\"elementor-widget-container\">\n\t\t\t\t\t\t\t<h5><strong>PROPRI\u00c9T\u00c9S<\/strong><\/h5><p class=\" translation-block\">Il est enrichi en <strong>antioxydants<\/strong>, <strong>vitamines<\/strong>, <strong>enzymes<\/strong> et <strong>min\u00e9raux<\/strong>, avec des bienfaits pour la sant\u00e9.<\/p>\t\t\t\t\t\t<\/div>\n\t\t\t\t<\/div>\n\t\t\t\t\t<\/div>\n\t\t\t\t<\/div>\n\t\t<div class=\"elementor-element elementor-element-6e0773b e-flex e-con-boxed e-con e-child\" data-id=\"6e0773b\" data-element_type=\"container\">\n\t\t\t\t\t<div class=\"e-con-inner\">\n\t\t<div class=\"elementor-element elementor-element-9e7262a e-con-full e-flex e-con e-child\" data-id=\"9e7262a\" data-element_type=\"container\" data-settings=\"{&quot;background_background&quot;:&quot;slideshow&quot;,&quot;background_slideshow_gallery&quot;:[{&quot;id&quot;:6018,&quot;url&quot;:&quot;https:\\\/\\\/www.nerofermento.it\\\/wp-content\\\/uploads\\\/2024\\\/05\\\/2_COSE-LAGLIO-NERO.jpg&quot;}],&quot;background_slideshow_loop&quot;:&quot;yes&quot;,&quot;background_slideshow_slide_duration&quot;:5000,&quot;background_slideshow_slide_transition&quot;:&quot;fade&quot;,&quot;background_slideshow_transition_duration&quot;:500}\">\n\t\t\t\t<div class=\"elementor-element elementor-element-26bfbd2 elementor-widget elementor-widget-spacer\" data-id=\"26bfbd2\" data-element_type=\"widget\" data-widget_type=\"spacer.default\">\n\t\t\t\t<div class=\"elementor-widget-container\">\n\t\t\t\t\t<div class=\"elementor-spacer\">\n\t\t\t<div class=\"elementor-spacer-inner\"><\/div>\n\t\t<\/div>\n\t\t\t\t<\/div>\n\t\t\t\t<\/div>\n\t\t\t\t<\/div>\n\t\t\t\t\t<\/div>\n\t\t\t\t<\/div>\n\t\t\t\t\t<\/div>\n\t\t\t\t<\/div>\n\t\t<div class=\"elementor-element elementor-element-459bbde e-flex e-con-boxed e-con e-parent\" data-id=\"459bbde\" data-element_type=\"container\" data-settings=\"{&quot;background_background&quot;:&quot;classic&quot;}\">\n\t\t\t\t\t<div class=\"e-con-inner\">\n\t\t<div class=\"elementor-element elementor-element-74727d2 e-flex e-con-boxed e-con e-child\" data-id=\"74727d2\" data-element_type=\"container\">\n\t\t\t\t\t<div class=\"e-con-inner\">\n\t\t<div class=\"elementor-element elementor-element-6e54f0b e-con-full e-flex e-con e-child\" data-id=\"6e54f0b\" data-element_type=\"container\" data-settings=\"{&quot;background_background&quot;:&quot;slideshow&quot;,&quot;background_slideshow_gallery&quot;:[{&quot;id&quot;:6015,&quot;url&quot;:&quot;https:\\\/\\\/www.nerofermento.it\\\/wp-content\\\/uploads\\\/2024\\\/05\\\/3_LAGLIO-NERO-IN-CUCINA.jpg&quot;}],&quot;background_slideshow_loop&quot;:&quot;yes&quot;,&quot;background_slideshow_slide_duration&quot;:5000,&quot;background_slideshow_slide_transition&quot;:&quot;fade&quot;,&quot;background_slideshow_transition_duration&quot;:500}\">\n\t\t\t\t<div class=\"elementor-element elementor-element-8caa420 elementor-widget elementor-widget-spacer\" data-id=\"8caa420\" data-element_type=\"widget\" data-widget_type=\"spacer.default\">\n\t\t\t\t<div class=\"elementor-widget-container\">\n\t\t\t\t\t<div class=\"elementor-spacer\">\n\t\t\t<div class=\"elementor-spacer-inner\"><\/div>\n\t\t<\/div>\n\t\t\t\t<\/div>\n\t\t\t\t<\/div>\n\t\t\t\t<\/div>\n\t\t\t\t\t<\/div>\n\t\t\t\t<\/div>\n\t\t<div class=\"elementor-element elementor-element-7637592 e-flex e-con-boxed e-con e-child\" data-id=\"7637592\" data-element_type=\"container\">\n\t\t\t\t\t<div class=\"e-con-inner\">\n\t\t\t\t<div class=\"elementor-element elementor-element-0e028e7 elementor-widget__width-initial elementor-widget elementor-widget-text-editor\" data-id=\"0e028e7\" data-element_type=\"widget\" data-widget_type=\"text-editor.default\">\n\t\t\t\t<div class=\"elementor-widget-container\">\n\t\t\t\t\t\t\t<h3><strong>L'AIL NOIR EN CUISINE<\/strong><\/h3><p style=\"text-align: left;\">\u00c0 la d\u00e9couverte de NeroFermento, l'ail noir sous toutes ses formes, pr\u00eat \u00e0 conqu\u00e9rir les palais les plus exigeants et \u00e0 sublimer votre cr\u00e9ativit\u00e9 en cuisine.<\/p>\t\t\t\t\t\t<\/div>\n\t\t\t\t<\/div>\n\t\t\t\t<div class=\"elementor-element elementor-element-1e8348c elementor-widget__width-initial elementor-widget elementor-widget-text-editor\" data-id=\"1e8348c\" data-element_type=\"widget\" data-widget_type=\"text-editor.default\">\n\t\t\t\t<div class=\"elementor-widget-container\">\n\t\t\t\t\t\t\t<h5><strong>VERSATILIT\u00c9<\/strong><\/h5><p>Id\u00e9al pour les entr\u00e9es, les plats de viande et de poisson, les l\u00e9gumes, les fromages, les sauces et m\u00eame les desserts.<\/p>\t\t\t\t\t\t<\/div>\n\t\t\t\t<\/div>\n\t\t\t\t<div class=\"elementor-element elementor-element-b60d8b4 elementor-widget__width-initial elementor-widget elementor-widget-text-editor\" data-id=\"b60d8b4\" data-element_type=\"widget\" data-widget_type=\"text-editor.default\">\n\t\t\t\t<div class=\"elementor-widget-container\">\n\t\t\t\t\t\t\t<h5><strong>GO\u00dbT RAFFIN\u00c9<\/strong><\/h5><p>Il apporte une touche gourmande aux plats, rehaussant leurs saveurs sans les masquer.<\/p>\t\t\t\t\t\t<\/div>\n\t\t\t\t<\/div>\n\t\t\t\t<div class=\"elementor-element elementor-element-a4c97a1 elementor-widget__width-initial elementor-widget elementor-widget-text-editor\" data-id=\"a4c97a1\" data-element_type=\"widget\" data-widget_type=\"text-editor.default\">\n\t\t\t\t<div class=\"elementor-widget-container\">\n\t\t\t\t\t\t\t<h5><strong>CONSERVATION<\/strong><\/h5><p>Il se conserve longtemps \u00e0 temp\u00e9rature ambiante.<\/p>\t\t\t\t\t\t<\/div>\n\t\t\t\t<\/div>\n\t\t\t\t\t<\/div>\n\t\t\t\t<\/div>\n\t\t\t\t\t<\/div>\n\t\t\t\t<\/div>\n\t\t<div class=\"elementor-element elementor-element-6846424 e-flex e-con-boxed e-con e-parent\" data-id=\"6846424\" data-element_type=\"container\" data-settings=\"{&quot;background_background&quot;:&quot;classic&quot;}\">\n\t\t\t\t\t<div class=\"e-con-inner\">\n\t\t\t\t<div class=\"elementor-element elementor-element-b3d164c elementor-widget__width-initial elementor-widget elementor-widget-heading\" data-id=\"b3d164c\" data-element_type=\"widget\" data-widget_type=\"heading.default\">\n\t\t\t\t<div class=\"elementor-widget-container\">\n\t\t\t<h2 class=\"elementor-heading-title elementor-size-default\">L'INGR\u00c9DIENT GOURMET QUI R\u00c9VOLUTIONNERA VOTRE CUISINE<\/h2>\t\t<\/div>\n\t\t\t\t<\/div>\n\t\t\t\t<div class=\"elementor-element elementor-element-9cf5e88 elementor-widget__width-initial elementor-widget elementor-widget-text-editor\" data-id=\"9cf5e88\" data-element_type=\"widget\" data-widget_type=\"text-editor.default\">\n\t\t\t\t<div class=\"elementor-widget-container\">\n\t\t\t\t\t\t\t<p style=\"text-align: center;\">NeroFermento: l'ail noir pour lib\u00e9rer votre cr\u00e9ativit\u00e9 en cuisine et cr\u00e9er des plats sains et gourmands qui laisseront tout le monde sans voix.<\/p>\t\t\t\t\t\t<\/div>\n\t\t\t\t<\/div>\n\t\t<div class=\"elementor-element elementor-element-44284ac e-flex e-con-boxed e-con e-child\" data-id=\"44284ac\" data-element_type=\"container\">\n\t\t\t\t\t<div class=\"e-con-inner\">\n\t\t<div class=\"elementor-element elementor-element-605af04 e-con-full e-flex e-con e-child\" data-id=\"605af04\" data-element_type=\"container\" data-settings=\"{&quot;background_background&quot;:&quot;classic&quot;}\">\n\t\t\t\t<div class=\"elementor-element elementor-element-e2e72a1 elementor-widget elementor-widget-image\" data-id=\"e2e72a1\" data-element_type=\"widget\" data-widget_type=\"image.default\">\n\t\t\t\t<div class=\"elementor-widget-container\">\n\t\t\t\t\t\t\t\t\t\t\t\t\t<img decoding=\"async\" src=\"https:\/\/www.nerofermento.it\/wp-content\/uploads\/elementor\/thumbs\/aglio_nero_1-qudixt4aiqxw9dpj4okg3jmgxi5ewj5eoj7w49ly7q.png\" title=\"noir_ail_1\" alt=\"ic\u00f4ne de l&#039;ail noir\" loading=\"lazy\" \/>\t\t\t\t\t\t\t\t\t\t\t\t\t<\/div>\n\t\t\t\t<\/div>\n\t\t\t\t<div class=\"elementor-element elementor-element-913a3cd elementor-widget elementor-widget-heading\" data-id=\"913a3cd\" data-element_type=\"widget\" data-widget_type=\"heading.default\">\n\t\t\t\t<div class=\"elementor-widget-container\">\n\t\t\t<h2 class=\"elementor-heading-title elementor-size-default\">BULBES<\/h2>\t\t<\/div>\n\t\t\t\t<\/div>\n\t\t\t\t<div class=\"elementor-element elementor-element-f2010b6 elementor-widget elementor-widget-text-editor\" data-id=\"f2010b6\" data-element_type=\"widget\" data-widget_type=\"text-editor.default\">\n\t\t\t\t<div class=\"elementor-widget-container\">\n\t\t\t\t\t\t\t<p style=\"text-align: center; line-height: 16px;\" class=\" translation-block\"><span style=\"font-size: 10pt\">Pour les amateurs de go\u00fbt pur, l'ail noir \u00e0 d\u00e9guster <strong>cru<\/strong> sur des <strong>salades<\/strong> ou des p\u00e2tes froides, ou \u00e0 ajouter dans les <strong>derni\u00e8res minutes<\/strong> de cuisson pour parfumer les <strong>risottos<\/strong>, les sauces de viande, le <strong>poisson<\/strong> et les <strong>l\u00e9gumes<\/strong>. Un ingr\u00e9dient sp\u00e9cial qui apportera \u00e0 vos plats une touche unique et surprenante.<\/span><\/p>\t\t\t\t\t\t<\/div>\n\t\t\t\t<\/div>\n\t\t\t\t<\/div>\n\t\t<div class=\"elementor-element elementor-element-bfa41b7 e-con-full e-flex e-con e-child\" data-id=\"bfa41b7\" data-element_type=\"container\" data-settings=\"{&quot;background_background&quot;:&quot;classic&quot;}\">\n\t\t\t\t<div class=\"elementor-element elementor-element-6228ae3 elementor-widget elementor-widget-image\" data-id=\"6228ae3\" data-element_type=\"widget\" data-widget_type=\"image.default\">\n\t\t\t\t<div class=\"elementor-widget-container\">\n\t\t\t\t\t\t\t\t\t\t\t\t\t<img decoding=\"async\" src=\"https:\/\/www.nerofermento.it\/wp-content\/uploads\/elementor\/thumbs\/aglio_nero_2-qudixs6gbwwlxrqwa65tj1v0c4a1ou1ocekemzncdy.png\" title=\"ail_noir_2\" alt=\"ic\u00f4ne d&#039;une jarre avec un contenu noir\" loading=\"lazy\" \/>\t\t\t\t\t\t\t\t\t\t\t\t\t<\/div>\n\t\t\t\t<\/div>\n\t\t\t\t<div class=\"elementor-element elementor-element-af4064e elementor-widget elementor-widget-heading\" data-id=\"af4064e\" data-element_type=\"widget\" data-widget_type=\"heading.default\">\n\t\t\t\t<div class=\"elementor-widget-container\">\n\t\t\t<h2 class=\"elementor-heading-title elementor-size-default\">CR\u00c8ME<\/h2>\t\t<\/div>\n\t\t\t\t<\/div>\n\t\t\t\t<div class=\"elementor-element elementor-element-a5e7eed elementor-widget elementor-widget-text-editor\" data-id=\"a5e7eed\" data-element_type=\"widget\" data-widget_type=\"text-editor.default\">\n\t\t\t\t<div class=\"elementor-widget-container\">\n\t\t\t\t\t\t\t<p style=\"text-align: center; line-height: 16px;\" class=\" translation-block\"><span style=\"font-size: 10pt\">Pratique et d\u00e9licieuse, la cr\u00e8me d'ail noir est parfaite pour \u00eatre <strong>tartin\u00e9e<\/strong> sur des crostini, <strong>crackers<\/strong>, <strong>gressins<\/strong>, <strong>focaccia<\/strong> et <strong>canap\u00e9s<\/strong>, ou pour enrichir les plats comme les <strong>p\u00e2tes<\/strong> et <strong>risottos<\/strong> avec une saveur inimitable. Une id\u00e9e gourmande aussi pour accompagner les <strong>fromages<\/strong> et cr\u00e9er des accords sublimes.<\/span><\/p>\t\t\t\t\t\t<\/div>\n\t\t\t\t<\/div>\n\t\t\t\t<\/div>\n\t\t<div class=\"elementor-element elementor-element-06bea5a e-con-full e-flex e-con e-child\" data-id=\"06bea5a\" data-element_type=\"container\" data-settings=\"{&quot;background_background&quot;:&quot;classic&quot;}\">\n\t\t\t\t<div class=\"elementor-element elementor-element-6b1db63 elementor-widget elementor-widget-image\" data-id=\"6b1db63\" data-element_type=\"widget\" data-widget_type=\"image.default\">\n\t\t\t\t<div class=\"elementor-widget-container\">\n\t\t\t\t\t\t\t\t\t\t\t\t\t<img decoding=\"async\" src=\"https:\/\/www.nerofermento.it\/wp-content\/uploads\/elementor\/thumbs\/aglio_nero_3-qudixs6gbwwlxrqwa65tj1v0c4a1ou1ocekemzncdy.png\" title=\"ail_noir_3\" alt=\"ic\u00f4ne sali\u00e8re\" loading=\"lazy\" \/>\t\t\t\t\t\t\t\t\t\t\t\t\t<\/div>\n\t\t\t\t<\/div>\n\t\t\t\t<div class=\"elementor-element elementor-element-dea88f6 elementor-widget elementor-widget-heading\" data-id=\"dea88f6\" data-element_type=\"widget\" data-widget_type=\"heading.default\">\n\t\t\t\t<div class=\"elementor-widget-container\">\n\t\t\t<h2 class=\"elementor-heading-title elementor-size-default\">POUDRE<\/h2>\t\t<\/div>\n\t\t\t\t<\/div>\n\t\t\t\t<div class=\"elementor-element elementor-element-91d8404 elementor-widget elementor-widget-text-editor\" data-id=\"91d8404\" data-element_type=\"widget\" data-widget_type=\"text-editor.default\">\n\t\t\t\t<div class=\"elementor-widget-container\">\n\t\t\t\t\t\t\t<p style=\"text-align: center; line-height: 16px;\" class=\" translation-block\"><span style=\"font-size : 10pt\">Une explosion <strong>d'ar\u00f4mes<\/strong> encapsul\u00e9e dans une poudre pratique, id\u00e9ale pour apporter une touche sp\u00e9ciale \u00e0 n'importe quelle recette. Que ce soit pour relever des <strong>entr\u00e9es<\/strong>, <strong>plats principaux<\/strong>, <strong>salades<\/strong> ou m\u00eame <strong>desserts<\/strong>, la poudre d'ail noir apportera \u00e0 vos cr\u00e9ations une saveur intense et inoubliable. Une touche d'innovation pour surprendre vos invit\u00e9s avec des <strong>cocktails<\/strong> au go\u00fbt <strong>original<\/strong>.<\/span>.<\/p>\t\t\t\t\t\t<\/div>\n\t\t\t\t<\/div>\n\t\t\t\t<\/div>\n\t\t\t\t\t<\/div>\n\t\t\t\t<\/div>\n\t\t<div class=\"elementor-element elementor-element-b3711fb e-flex e-con-boxed e-con e-child\" data-id=\"b3711fb\" data-element_type=\"container\">\n\t\t\t\t\t<div class=\"e-con-inner\">\n\t\t<div class=\"elementor-element elementor-element-257fe31 e-con-full e-flex e-con e-child\" data-id=\"257fe31\" data-element_type=\"container\" data-settings=\"{&quot;background_background&quot;:&quot;classic&quot;}\">\n\t\t\t\t<div class=\"elementor-element elementor-element-b671e84 elementor-widget elementor-widget-image\" data-id=\"b671e84\" data-element_type=\"widget\" data-widget_type=\"image.default\">\n\t\t\t\t<div class=\"elementor-widget-container\">\n\t\t\t\t\t\t\t\t\t\t\t\t\t<img decoding=\"async\" src=\"https:\/\/www.nerofermento.it\/wp-content\/uploads\/elementor\/thumbs\/aglio_nero_4-qudixs6gbwwlxrqwa65tj1v0c4a1ou1ocekemzncdy.png\" title=\"ail_noir_4\" alt=\"ic\u00f4ne de chute\" loading=\"lazy\" \/>\t\t\t\t\t\t\t\t\t\t\t\t\t<\/div>\n\t\t\t\t<\/div>\n\t\t\t\t<div class=\"elementor-element elementor-element-0d43d33 elementor-widget elementor-widget-heading\" data-id=\"0d43d33\" data-element_type=\"widget\" data-widget_type=\"heading.default\">\n\t\t\t\t<div class=\"elementor-widget-container\">\n\t\t\t<h2 class=\"elementor-heading-title elementor-size-default\">HUILE<\/h2>\t\t<\/div>\n\t\t\t\t<\/div>\n\t\t\t\t<div class=\"elementor-element elementor-element-2e5dab2 elementor-widget elementor-widget-text-editor\" data-id=\"2e5dab2\" data-element_type=\"widget\" data-widget_type=\"text-editor.default\">\n\t\t\t\t<div class=\"elementor-widget-container\">\n\t\t\t\t\t\t\t<p style=\"text-align: center; line-height: 16px;\" class=\" translation-block\"><span style=\"font-size: 10pt\"><strong>D\u00e9licate<\/strong> et <strong>parfum\u00e9e<\/strong>, l'huile d'ail noir est parfaite pour assaisonner la <strong>viande<\/strong>, le <strong>poisson<\/strong> et les <strong>l\u00e9gumes frais<\/strong> avec une touche de <strong>raffinement<\/strong>. Un ingr\u00e9dient pr\u00e9cieux pour ajouter une \u00e9l\u00e9gance particuli\u00e8re \u00e0 vos recettes et impressionner vos convives.<\/span><\/p>\t\t\t\t\t\t<\/div>\n\t\t\t\t<\/div>\n\t\t\t\t<\/div>\n\t\t<div class=\"elementor-element elementor-element-b9d2b89 e-con-full e-flex e-con e-child\" data-id=\"b9d2b89\" data-element_type=\"container\" data-settings=\"{&quot;background_background&quot;:&quot;classic&quot;}\">\n\t\t\t\t<div class=\"elementor-element elementor-element-bce598c elementor-widget elementor-widget-image\" data-id=\"bce598c\" data-element_type=\"widget\" data-widget_type=\"image.default\">\n\t\t\t\t<div class=\"elementor-widget-container\">\n\t\t\t\t\t\t\t\t\t\t\t\t\t<img decoding=\"async\" src=\"https:\/\/www.nerofermento.it\/wp-content\/uploads\/elementor\/thumbs\/aglio_nero_5-qudixs6gbwwlxrqwa65tj1v0c4a1ou1ocekemzncdy.png\" title=\"noir_ail_5\" alt=\"ic\u00f4ne du bocal\" loading=\"lazy\" \/>\t\t\t\t\t\t\t\t\t\t\t\t\t<\/div>\n\t\t\t\t<\/div>\n\t\t\t\t<div class=\"elementor-element elementor-element-8ec38f1 elementor-widget elementor-widget-heading\" data-id=\"8ec38f1\" data-element_type=\"widget\" data-widget_type=\"heading.default\">\n\t\t\t\t<div class=\"elementor-widget-container\">\n\t\t\t<h2 class=\"elementor-heading-title elementor-size-default\">PESTOS<\/h2>\t\t<\/div>\n\t\t\t\t<\/div>\n\t\t\t\t<div class=\"elementor-element elementor-element-11c0a84 elementor-widget elementor-widget-text-editor\" data-id=\"11c0a84\" data-element_type=\"widget\" data-widget_type=\"text-editor.default\">\n\t\t\t\t<div class=\"elementor-widget-container\">\n\t\t\t\t\t\t\t<p style=\"text-align: center; line-height: 16px;\"><strong>Pestos \u00e0 l'ail noir<\/strong> sont parfaits pour cr\u00e9er des plats savoureux \u00e0 la saveur unique. Gr\u00e2ce \u00e0 leur polyvalence, les pestos \u00e0 l'ail noir sont l'ingr\u00e9dient id\u00e9al pour rehausser les entr\u00e9es telles que <strong>p\u00e2tes \u00e0 l'ail noir<\/strong> et des risottos. Essayez les <strong>p\u00e2tes \u00e0 l'ail noir<\/strong> et d\u00e9couvrez une nouvelle fa\u00e7on d'apporter des saveurs intenses et raffin\u00e9es \u00e0 la table.<\/p>\t\t\t\t\t\t<\/div>\n\t\t\t\t<\/div>\n\t\t\t\t<\/div>\n\t\t\t\t\t<\/div>\n\t\t\t\t<\/div>\n\t\t<div class=\"elementor-element elementor-element-abfa78d e-flex e-con-boxed e-con e-child\" data-id=\"abfa78d\" data-element_type=\"container\">\n\t\t\t\t\t<div class=\"e-con-inner\">\n\t\t\t\t<div class=\"elementor-element elementor-element-2b258d6 elementor-widget elementor-widget-button\" data-id=\"2b258d6\" data-element_type=\"widget\" data-widget_type=\"button.default\">\n\t\t\t\t<div class=\"elementor-widget-container\">\n\t\t\t\t\t<div class=\"elementor-button-wrapper\">\n\t\t\t<a class=\"elementor-button elementor-button-link elementor-size-sm elementor-animation-grow\" href=\"https:\/\/www.nerofermento.it\/fr\/ou-nous-trouver\/\">\n\t\t\t\t\t\t<span class=\"elementor-button-content-wrapper\">\n\t\t\t\t\t\t\t\t\t<span class=\"elementor-button-text\">ACHETER MAINTENANT<\/span>\n\t\t\t\t\t<\/span>\n\t\t\t\t\t<\/a>\n\t\t<\/div>\n\t\t\t\t<\/div>\n\t\t\t\t<\/div>\n\t\t\t\t\t<\/div>\n\t\t\t\t<\/div>\n\t\t\t\t\t<\/div>\n\t\t\t\t<\/div>\n\t\t<div class=\"elementor-element elementor-element-75521c0 e-flex e-con-boxed e-con e-parent\" data-id=\"75521c0\" data-element_type=\"container\" data-settings=\"{&quot;background_background&quot;:&quot;slideshow&quot;,&quot;background_slideshow_gallery&quot;:[{&quot;id&quot;:6020,&quot;url&quot;:&quot;https:\\\/\\\/www.nerofermento.it\\\/wp-content\\\/uploads\\\/2024\\\/05\\\/5_Lidea.jpg&quot;}],&quot;background_slideshow_loop&quot;:&quot;yes&quot;,&quot;background_slideshow_slide_duration&quot;:5000,&quot;background_slideshow_slide_transition&quot;:&quot;fade&quot;,&quot;background_slideshow_transition_duration&quot;:500}\">\n\t\t\t\t\t<div class=\"e-con-inner\">\n\t\t\t\t<div class=\"elementor-element elementor-element-8f25318 elementor-widget elementor-widget-spacer\" data-id=\"8f25318\" data-element_type=\"widget\" data-widget_type=\"spacer.default\">\n\t\t\t\t<div class=\"elementor-widget-container\">\n\t\t\t\t\t<div class=\"elementor-spacer\">\n\t\t\t<div class=\"elementor-spacer-inner\"><\/div>\n\t\t<\/div>\n\t\t\t\t<\/div>\n\t\t\t\t<\/div>\n\t\t\t\t\t<\/div>\n\t\t\t\t<\/div>\n\t\t<div class=\"elementor-element elementor-element-6a4b630 e-flex e-con-boxed e-con e-parent\" data-id=\"6a4b630\" data-element_type=\"container\" id=\"dietaallday\" data-settings=\"{&quot;background_background&quot;:&quot;classic&quot;}\">\n\t\t\t\t\t<div class=\"e-con-inner\">\n\t\t\t\t<div class=\"elementor-element elementor-element-c01367c elementor-widget__width-initial elementor-widget elementor-widget-heading\" data-id=\"c01367c\" data-element_type=\"widget\" data-widget_type=\"heading.default\">\n\t\t\t\t<div class=\"elementor-widget-container\">\n\t\t\t<h2 class=\"elementor-heading-title elementor-size-default\">ACHETER MAINTENANT L'AIL NOIR DANS LE R\u00c9GIME QUOTIDIEN<\/h2>\t\t<\/div>\n\t\t\t\t<\/div>\n\t\t\t\t<div class=\"elementor-element elementor-element-8510785 elementor-widget__width-initial elementor-widget elementor-widget-text-editor\" data-id=\"8510785\" data-element_type=\"widget\" data-widget_type=\"text-editor.default\">\n\t\t\t\t<div class=\"elementor-widget-container\">\n\t\t\t\t\t\t\t<p style=\"text-align: center;\">Ail noir: le bon qui fait du bien.<\/p>\t\t\t\t\t\t<\/div>\n\t\t\t\t<\/div>\n\t\t<div class=\"elementor-element elementor-element-d6e6712 e-flex e-con-boxed e-con e-child\" data-id=\"d6e6712\" data-element_type=\"container\">\n\t\t\t\t\t<div class=\"e-con-inner\">\n\t\t<div class=\"elementor-element elementor-element-2890a6f e-con-full e-flex e-con e-child\" data-id=\"2890a6f\" data-element_type=\"container\" data-settings=\"{&quot;background_background&quot;:&quot;classic&quot;}\">\n\t\t\t\t<div class=\"elementor-element elementor-element-c34b8e7 elementor-widget elementor-widget-image\" data-id=\"c34b8e7\" data-element_type=\"widget\" data-widget_type=\"image.default\">\n\t\t\t\t<div class=\"elementor-widget-container\">\n\t\t\t\t\t\t\t\t\t\t\t\t\t<img decoding=\"async\" src=\"https:\/\/www.nerofermento.it\/wp-content\/uploads\/elementor\/thumbs\/aglio_nero_6-qudixt4aiqxw9dpj4okg3jmgxi5ewj5eoj7w49ly7q.png\" title=\"noir_ail_6\" alt=\"ic\u00f4ne de c\u0153ur\" loading=\"lazy\" \/>\t\t\t\t\t\t\t\t\t\t\t\t\t<\/div>\n\t\t\t\t<\/div>\n\t\t\t\t<div class=\"elementor-element elementor-element-f061d83 elementor-widget elementor-widget-heading\" data-id=\"f061d83\" data-element_type=\"widget\" data-widget_type=\"heading.default\">\n\t\t\t\t<div class=\"elementor-widget-container\">\n\t\t\t<h2 class=\"elementor-heading-title elementor-size-default\">ALLI\u00c9 DU BIEN-\u00caTRE<\/h2>\t\t<\/div>\n\t\t\t\t<\/div>\n\t\t\t\t<div class=\"elementor-element elementor-element-3a04ee1 elementor-widget elementor-widget-text-editor\" data-id=\"3a04ee1\" data-element_type=\"widget\" data-widget_type=\"text-editor.default\">\n\t\t\t\t<div class=\"elementor-widget-container\">\n\t\t\t\t\t\t\t<p style=\"text-align: center; line-height: 16px;\" class=\" translation-block\"><span style=\"font-size: 10pt\">Gr\u00e2ce \u00e0 sa <strong>forte teneur en antioxydants<\/strong>, il aide \u00e0 <strong>combattre<\/strong> les radicaux libres, prot\u00e9geant les cellules des dommages et favorisant la pr\u00e9vention des maladies chroniques.<\/span><\/p>\t\t\t\t\t\t<\/div>\n\t\t\t\t<\/div>\n\t\t\t\t<\/div>\n\t\t<div class=\"elementor-element elementor-element-cfb6ec0 e-con-full e-flex e-con e-child\" data-id=\"cfb6ec0\" data-element_type=\"container\" data-settings=\"{&quot;background_background&quot;:&quot;classic&quot;}\">\n\t\t\t\t<div class=\"elementor-element elementor-element-5b87075 elementor-widget elementor-widget-image\" data-id=\"5b87075\" data-element_type=\"widget\" data-widget_type=\"image.default\">\n\t\t\t\t<div class=\"elementor-widget-container\">\n\t\t\t\t\t\t\t\t\t\t\t\t\t<img decoding=\"async\" src=\"https:\/\/www.nerofermento.it\/wp-content\/uploads\/elementor\/thumbs\/aglio_nero_7-qudixt4aiqxw9dpj4okg3jmgxi5ewj5eoj7w49ly7q.png\" title=\"noir_ail_7\" alt=\"ic\u00f4ne adn\" loading=\"lazy\" \/>\t\t\t\t\t\t\t\t\t\t\t\t\t<\/div>\n\t\t\t\t<\/div>\n\t\t\t\t<div class=\"elementor-element elementor-element-2c67977 elementor-widget elementor-widget-heading\" data-id=\"2c67977\" data-element_type=\"widget\" data-widget_type=\"heading.default\">\n\t\t\t\t<div class=\"elementor-widget-container\">\n\t\t\t<h2 class=\"elementor-heading-title elementor-size-default\">R\u00c9GULATION DE LA TENSION<\/h2>\t\t<\/div>\n\t\t\t\t<\/div>\n\t\t\t\t<div class=\"elementor-element elementor-element-d974655 elementor-widget elementor-widget-text-editor\" data-id=\"d974655\" data-element_type=\"widget\" data-widget_type=\"text-editor.default\">\n\t\t\t\t<div class=\"elementor-widget-container\">\n\t\t\t\t\t\t\t<p style=\"text-align: center; line-height: 16px;\"><span style=\"font-size: 10pt;\">Il contribue \u00e0 r\u00e9guler la pression art\u00e9rielle gr\u00e2ce \u00e0 la pr\u00e9sence d'allicine, un compos\u00e9 bioactif aux propri\u00e9t\u00e9s vasodilatatrices.<\/span><\/p>\t\t\t\t\t\t<\/div>\n\t\t\t\t<\/div>\n\t\t\t\t<\/div>\n\t\t<div class=\"elementor-element elementor-element-fba2981 e-con-full e-flex e-con e-child\" data-id=\"fba2981\" data-element_type=\"container\" data-settings=\"{&quot;background_background&quot;:&quot;classic&quot;}\">\n\t\t\t\t<div class=\"elementor-element elementor-element-11a6a46 elementor-widget elementor-widget-image\" data-id=\"11a6a46\" data-element_type=\"widget\" data-widget_type=\"image.default\">\n\t\t\t\t<div class=\"elementor-widget-container\">\n\t\t\t\t\t\t\t\t\t\t\t\t\t<img decoding=\"async\" src=\"https:\/\/www.nerofermento.it\/wp-content\/uploads\/elementor\/thumbs\/aglio_nero_8-qudixt4aiqxw9dpj4okg3jmgxi5ewj5eoj7w49ly7q.png\" title=\"noir_ail_8\" alt=\"ic\u00f4ne de d\u00e9fense\" loading=\"lazy\" \/>\t\t\t\t\t\t\t\t\t\t\t\t\t<\/div>\n\t\t\t\t<\/div>\n\t\t\t\t<div class=\"elementor-element elementor-element-d55cda7 elementor-widget elementor-widget-heading\" data-id=\"d55cda7\" data-element_type=\"widget\" data-widget_type=\"heading.default\">\n\t\t\t\t<div class=\"elementor-widget-container\">\n\t\t\t<h2 class=\"elementor-heading-title elementor-size-default\">RENFORCE LE SYST\u00c8ME IMMUNITAIRE<\/h2>\t\t<\/div>\n\t\t\t\t<\/div>\n\t\t\t\t<div class=\"elementor-element elementor-element-647856e elementor-widget elementor-widget-text-editor\" data-id=\"647856e\" data-element_type=\"widget\" data-widget_type=\"text-editor.default\">\n\t\t\t\t<div class=\"elementor-widget-container\">\n\t\t\t\t\t\t\t<p style=\"text-align: center; line-height: 16px;\"><span style=\"font-size: 10pt;\">Il stimule les d\u00e9fenses immunitaires gr\u00e2ce \u00e0 sa haute teneur en vitamines et min\u00e9raux.<\/span><\/p>\t\t\t\t\t\t<\/div>\n\t\t\t\t<\/div>\n\t\t\t\t<\/div>\n\t\t\t\t\t<\/div>\n\t\t\t\t<\/div>\n\t\t<div class=\"elementor-element elementor-element-5939659 e-flex e-con-boxed e-con e-child\" data-id=\"5939659\" data-element_type=\"container\">\n\t\t\t\t\t<div class=\"e-con-inner\">\n\t\t<div class=\"elementor-element elementor-element-d66e2dd e-con-full e-flex e-con e-child\" data-id=\"d66e2dd\" data-element_type=\"container\" data-settings=\"{&quot;background_background&quot;:&quot;classic&quot;}\">\n\t\t\t\t<div class=\"elementor-element elementor-element-80911c1 elementor-widget elementor-widget-image\" data-id=\"80911c1\" data-element_type=\"widget\" data-widget_type=\"image.default\">\n\t\t\t\t<div class=\"elementor-widget-container\">\n\t\t\t\t\t\t\t\t\t\t\t\t\t<img decoding=\"async\" src=\"https:\/\/www.nerofermento.it\/wp-content\/uploads\/elementor\/thumbs\/aglio_nero_9-qudixt4aiqxw9dpj4okg3jmgxi5ewj5eoj7w49ly7q.png\" title=\"noir_ail_9\" alt=\"ail noir biologique propri\u00e9t\u00e9s\" loading=\"lazy\" \/>\t\t\t\t\t\t\t\t\t\t\t\t\t<\/div>\n\t\t\t\t<\/div>\n\t\t\t\t<div class=\"elementor-element elementor-element-f8174f5 elementor-widget elementor-widget-heading\" data-id=\"f8174f5\" data-element_type=\"widget\" data-widget_type=\"heading.default\">\n\t\t\t\t<div class=\"elementor-widget-container\">\n\t\t\t<h2 class=\"elementor-heading-title elementor-size-default\">ACTION ANTIBACT\u00c9RIENNE<\/h2>\t\t<\/div>\n\t\t\t\t<\/div>\n\t\t\t\t<div class=\"elementor-element elementor-element-fedb0f0 elementor-widget elementor-widget-text-editor\" data-id=\"fedb0f0\" data-element_type=\"widget\" data-widget_type=\"text-editor.default\">\n\t\t\t\t<div class=\"elementor-widget-container\">\n\t\t\t\t\t\t\t<p style=\"text-align: center; line-height: 16px;\"><span style=\"font-size: 10pt;\">Il aide \u00e0 combattre les bact\u00e9ries et les virus.<\/span><\/p>\t\t\t\t\t\t<\/div>\n\t\t\t\t<\/div>\n\t\t\t\t<\/div>\n\t\t<div class=\"elementor-element elementor-element-91e3152 e-con-full e-flex e-con e-child\" data-id=\"91e3152\" data-element_type=\"container\" data-settings=\"{&quot;background_background&quot;:&quot;classic&quot;}\">\n\t\t\t\t<div class=\"elementor-element elementor-element-ab6f9f8 elementor-widget elementor-widget-image\" data-id=\"ab6f9f8\" data-element_type=\"widget\" data-widget_type=\"image.default\">\n\t\t\t\t<div class=\"elementor-widget-container\">\n\t\t\t\t\t\t\t\t\t\t\t\t\t<img decoding=\"async\" src=\"https:\/\/www.nerofermento.it\/wp-content\/uploads\/elementor\/thumbs\/aglio_nero_10-qudixt4aiqxw9dpj4okg3jmgxi5ewj5eoj7w49ly7q.png\" title=\"noir_ail_10\" alt=\"ic\u00f4ne du chaudron\" loading=\"lazy\" \/>\t\t\t\t\t\t\t\t\t\t\t\t\t<\/div>\n\t\t\t\t<\/div>\n\t\t\t\t<div class=\"elementor-element elementor-element-714cb29 elementor-widget elementor-widget-heading\" data-id=\"714cb29\" data-element_type=\"widget\" data-widget_type=\"heading.default\">\n\t\t\t\t<div class=\"elementor-widget-container\">\n\t\t\t<h2 class=\"elementor-heading-title elementor-size-default\">PROPRI\u00c9T\u00c9S DIGESTIVES<\/h2>\t\t<\/div>\n\t\t\t\t<\/div>\n\t\t\t\t<div class=\"elementor-element elementor-element-065645b elementor-widget elementor-widget-text-editor\" data-id=\"065645b\" data-element_type=\"widget\" data-widget_type=\"text-editor.default\">\n\t\t\t\t<div class=\"elementor-widget-container\">\n\t\t\t\t\t\t\t<p style=\"text-align: center; line-height: 16px;\"><span style=\"white-space-collapse: preserve; font-size: 10pt;\">\u00a0Il favorise la digestion et aide \u00e0 contrer les probl\u00e8mes gastro-intestinaux.<\/span><\/p>\t\t\t\t\t\t<\/div>\n\t\t\t\t<\/div>\n\t\t\t\t<\/div>\n\t\t\t\t\t<\/div>\n\t\t\t\t<\/div>\n\t\t<div class=\"elementor-element elementor-element-75834c0 e-flex e-con-boxed e-con e-child\" data-id=\"75834c0\" data-element_type=\"container\">\n\t\t\t\t\t<div class=\"e-con-inner\">\n\t\t\t\t<div class=\"elementor-element elementor-element-54e70e4 elementor-widget__width-initial elementor-widget elementor-widget-button\" data-id=\"54e70e4\" data-element_type=\"widget\" data-widget_type=\"button.default\">\n\t\t\t\t<div class=\"elementor-widget-container\">\n\t\t\t\t\t<div class=\"elementor-button-wrapper\">\n\t\t\t<a class=\"elementor-button elementor-button-link elementor-size-sm elementor-animation-grow\" href=\"https:\/\/www.nerofermento.it\/fr\/la-sante\/\">\n\t\t\t\t\t\t<span class=\"elementor-button-content-wrapper\">\n\t\t\t\t\t\t\t\t\t<span class=\"elementor-button-text\">D\u00c9COUVREZ LES BIENFAITS POUR LA SANT\u00c9<\/span>\n\t\t\t\t\t<\/span>\n\t\t\t\t\t<\/a>\n\t\t<\/div>\n\t\t\t\t<\/div>\n\t\t\t\t<\/div>\n\t\t\t\t\t<\/div>\n\t\t\t\t<\/div>\n\t\t\t\t\t<\/div>\n\t\t\t\t<\/div>\n\t\t\t\t<\/div>","protected":false},"excerpt":{"rendered":"<p>L'AIL NOIR : CE QUI EST BON POUR VOUS L'ail noir, \u00e9galement appel\u00e9 ail noir ou ail ferment\u00e9, est un condiment unique fabriqu\u00e9 \u00e0 partir de bulbes d'ail blanc commun soumis \u00e0 un processus naturel et contr\u00f4l\u00e9 de fermentation et de maturation. QU'EST-CE QUE L'AIL NOIR ? Les bulbes sont laiss\u00e9s \u00e0 fermenter et \u00e0 m\u00fbrir dans un environnement chaud et contr\u00f4l\u00e9 [...].<\/p>","protected":false},"author":1,"featured_media":0,"parent":0,"menu_order":0,"comment_status":"closed","ping_status":"closed","template":"","meta":{"om_disable_all_campaigns":false,"_monsterinsights_skip_tracking":false,"_monsterinsights_sitenote_active":false,"_monsterinsights_sitenote_note":"","_monsterinsights_sitenote_category":0,"footnotes":""},"class_list":["post-783","page","type-page","status-publish","hentry"],"aioseo_notices":[],"_links":{"self":[{"href":"https:\/\/www.nerofermento.it\/fr\/wp-json\/wp\/v2\/pages\/783","targetHints":{"allow":["GET"]}}],"collection":[{"href":"https:\/\/www.nerofermento.it\/fr\/wp-json\/wp\/v2\/pages"}],"about":[{"href":"https:\/\/www.nerofermento.it\/fr\/wp-json\/wp\/v2\/types\/page"}],"author":[{"embeddable":true,"href":"https:\/\/www.nerofermento.it\/fr\/wp-json\/wp\/v2\/users\/1"}],"replies":[{"embeddable":true,"href":"https:\/\/www.nerofermento.it\/fr\/wp-json\/wp\/v2\/comments?post=783"}],"version-history":[{"count":62,"href":"https:\/\/www.nerofermento.it\/fr\/wp-json\/wp\/v2\/pages\/783\/revisions"}],"predecessor-version":[{"id":7634,"href":"https:\/\/www.nerofermento.it\/fr\/wp-json\/wp\/v2\/pages\/783\/revisions\/7634"}],"wp:attachment":[{"href":"https:\/\/www.nerofermento.it\/fr\/wp-json\/wp\/v2\/media?parent=783"}],"curies":[{"name":"wp","href":"https:\/\/api.w.org\/{rel}","templated":true}]}}